{"id":3,"date":"2022-08-08T10:15:29","date_gmt":"2022-08-08T13:15:29","guid":{"rendered":"https:\/\/pambiental.agileprodutora.com.br\/?page_id=3"},"modified":"2023-03-27T14:32:35","modified_gmt":"2023-03-27T17:32:35","slug":"politica-de-privacidade","status":"publish","type":"page","link":"https:\/\/projetoambiental.com.br\/en\/politica-de-privacidade\/","title":{"rendered":"Privacy Policy"},"content":{"rendered":"<h2><span style=\"color: #444444;\">Pol\u00edtica Privacidade<\/span><\/h2>\n<p><span style=\"color: #444444;\">A sua privacidade \u00e9 importante para n\u00f3s. \u00c9 pol\u00edtica do Projeto Ambiental respeitar a sua privacidade em rela\u00e7\u00e3o a qualquer informa\u00e7\u00e3o sua que possamos coletar no site <a href=\"https:\/\/projetoambiental.com.br\/en\/\">Projeto Ambiental<\/a>, e outros sites que possu\u00edmos e operamos.<\/span><\/p>\n<p><span style=\"color: #444444;\">Solicitamos informa\u00e7\u00f5es pessoais apenas quando realmente precisamos delas para lhe fornecer um servi\u00e7o. Fazemo-lo por meios justos e legais, com o seu conhecimento e consentimento. Tamb\u00e9m informamos por que estamos coletando e como ser\u00e1 usado.<\/span><\/p>\n<p><span style=\"color: #444444;\">Apenas retemos as informa\u00e7\u00f5es coletadas pelo tempo necess\u00e1rio para fornecer o servi\u00e7o solicitado. Quando armazenamos dados, protegemos dentro de meios comercialmente aceit\u00e1veis \u200b\u200bpara evitar perdas e roubos, bem como acesso, divulga\u00e7\u00e3o, c\u00f3pia, uso ou modifica\u00e7\u00e3o n\u00e3o autorizados.<\/span><\/p>\n<p><span style=\"color: #444444;\">N\u00e3o compartilhamos informa\u00e7\u00f5es de identifica\u00e7\u00e3o pessoal publicamente ou com terceiros, exceto quando exigido por lei.<\/span><\/p>\n<p><span style=\"color: #444444;\">O nosso site pode ter links para sites externos que n\u00e3o s\u00e3o operados por n\u00f3s. Esteja ciente de que n\u00e3o temos controle sobre o conte\u00fado e pr\u00e1ticas desses sites e n\u00e3o podemos aceitar responsabilidade por suas respectivas\u00a0<\/span>pol\u00edticas de privacidade<span style=\"color: #444444;\">.<\/span><\/p>\n<p><span style=\"color: #444444;\">Voc\u00ea \u00e9 livre para recusar a nossa solicita\u00e7\u00e3o de informa\u00e7\u00f5es pessoais, entendendo que talvez n\u00e3o possamos fornecer alguns dos servi\u00e7os desejados.<\/span><\/p>\n<p><span style=\"color: #444444;\">O uso continuado de nosso site ser\u00e1 considerado como aceita\u00e7\u00e3o de nossas pr\u00e1ticas em torno de privacidade e informa\u00e7\u00f5es pessoais. Se voc\u00ea tiver alguma d\u00favida sobre como lidamos com dados do usu\u00e1rio e informa\u00e7\u00f5es pessoais, entre em contacto connosco.<\/span><\/p>\n<ul>\n<li><span style=\"color: #444444;\">O servi\u00e7o Google AdSense que usamos para veicular publicidade usa um cookie DoubleClick para veicular an\u00fancios mais relevantes em toda a Web e limitar o n\u00famero de vezes que um determinado an\u00fancio \u00e9 exibido para voc\u00ea.<\/span><\/li>\n<li><span style=\"color: #444444;\">Para mais informa\u00e7\u00f5es sobre o Google AdSense, consulte as FAQs oficiais sobre privacidade do Google AdSense.<\/span><\/li>\n<li><span style=\"color: #444444;\">Utilizamos an\u00fancios para compensar os custos de funcionamento deste site e fornecer financiamento para futuros desenvolvimentos. Os cookies de publicidade comportamental usados \u200b\u200bpor este site foram projetados para garantir que voc\u00ea forne\u00e7a os an\u00fancios mais relevantes sempre que poss\u00edvel, rastreando anonimamente seus interesses e apresentando coisas semelhantes que possam ser do seu interesse.<\/span><\/li>\n<li><span style=\"color: #444444;\">V\u00e1rios parceiros anunciam em nosso nome e os cookies de rastreamento de afiliados simplesmente nos permitem ver se nossos clientes acessaram o site atrav\u00e9s de um dos sites de nossos parceiros, para que possamos credit\u00e1-los adequadamente e, quando aplic\u00e1vel, permitir que nossos parceiros afiliados ofere\u00e7am qualquer promo\u00e7\u00e3o que pode fornec\u00ea-lo para fazer uma compra.<\/span><\/li>\n<\/ul>\n<h3><span style=\"color: #444444;\">Mais informa\u00e7\u00f5es<\/span><\/h3>\n<p><span style=\"color: #444444;\">Esperemos que esteja esclarecido e, como mencionado anteriormente, se houver algo que voc\u00ea n\u00e3o tem certeza se precisa ou n\u00e3o, geralmente \u00e9 mais seguro deixar os cookies ativados, caso interaja com um dos recursos que voc\u00ea usa em nosso site.<\/span><\/p>\n<p><span style=\"color: #444444;\">Esta pol\u00edtica \u00e9 efetiva a partir de 01 de Janeiro de 2023\u00a0<\/span><\/p>","protected":false},"excerpt":{"rendered":"<p>Pol\u00edtica Privacidade A sua privacidade \u00e9 importante para n\u00f3s. \u00c9 pol\u00edtica do Projeto Ambiental respeitar a sua privacidade em rela\u00e7\u00e3o a qualquer informa\u00e7\u00e3o sua que possamos coletar no site Projeto Ambiental, e outros sites que possu\u00edmos e operamos. Solicitamos informa\u00e7\u00f5es pessoais apenas quando realmente precisamos delas para lhe fornecer um servi\u00e7o. Fazemo-lo por meios justos [&hellip;]<\/p>","protected":false},"author":5,"featured_media":0,"parent":0,"menu_order":10,"comment_status":"closed","ping_status":"closed","template":"","meta":{"footnotes":""},"class_list":["post-3","page","type-page","status-publish","hentry"],"acf":[],"yoast_head":"<!-- This site is optimized with the Yoast SEO plugin v27.2 - https:\/\/yoast.com\/product\/yoast-seo-wordpress\/ -->\n<title>Pol\u00edtica de Privacidade - Projeto Ambiental<\/title>\n<meta name=\"description\" content=\"A nossa Pol\u00edtica de Privacidade fornece informa\u00e7\u00f5es sobre como coletamos, usamos e protegemos os seus dados pessoais. Fique tranquilo!\" \/>\n<meta name=\"robots\" content=\"index, follow, max-snippet:-1, max-image-preview:large, max-video-preview:-1\" \/>\n<link rel=\"canonical\" href=\"https:\/\/projetoambiental.com.br\/en\/politica-de-privacidade\/\" \/>\n<meta property=\"og:locale\" content=\"en_US\" \/>\n<meta property=\"og:type\" content=\"article\" \/>\n<meta property=\"og:title\" content=\"Pol\u00edtica de Privacidade - Projeto Ambiental\" \/>\n<meta property=\"og:description\" content=\"A nossa Pol\u00edtica de Privacidade fornece informa\u00e7\u00f5es sobre como coletamos, usamos e protegemos os seus dados pessoais. Fique tranquilo!\" \/>\n<meta property=\"og:url\" content=\"https:\/\/projetoambiental.com.br\/en\/politica-de-privacidade\/\" \/>\n<meta property=\"og:site_name\" content=\"Projeto Ambiental\" \/>\n<meta property=\"article:publisher\" content=\"https:\/\/www.facebook.com\/projeto.ambiental\/\" \/>\n<meta property=\"article:modified_time\" content=\"2023-03-27T17:32:35+00:00\" \/>\n<meta name=\"twitter:card\" content=\"summary_large_image\" \/>\n<meta name=\"twitter:label1\" content=\"Est. reading time\" \/>\n\t<meta name=\"twitter:data1\" content=\"3 minutes\" \/>\n<script type=\"application\/ld+json\" class=\"yoast-schema-graph\">{\"@context\":\"https:\/\/schema.org\",\"@graph\":[{\"@type\":\"WebPage\",\"@id\":\"https:\/\/projetoambiental.com.br\/politica-de-privacidade\/\",\"url\":\"https:\/\/projetoambiental.com.br\/politica-de-privacidade\/\",\"name\":\"Pol\u00edtica de Privacidade - Projeto Ambiental\",\"isPartOf\":{\"@id\":\"https:\/\/projetoambiental.com.br\/#website\"},\"datePublished\":\"2022-08-08T13:15:29+00:00\",\"dateModified\":\"2023-03-27T17:32:35+00:00\",\"description\":\"A nossa Pol\u00edtica de Privacidade fornece informa\u00e7\u00f5es sobre como coletamos, usamos e protegemos os seus dados pessoais. Fique tranquilo!\",\"breadcrumb\":{\"@id\":\"https:\/\/projetoambiental.com.br\/politica-de-privacidade\/#breadcrumb\"},\"inLanguage\":\"en-US\",\"potentialAction\":[{\"@type\":\"ReadAction\",\"target\":[\"https:\/\/projetoambiental.com.br\/politica-de-privacidade\/\"]}]},{\"@type\":\"BreadcrumbList\",\"@id\":\"https:\/\/projetoambiental.com.br\/politica-de-privacidade\/#breadcrumb\",\"itemListElement\":[{\"@type\":\"ListItem\",\"position\":1,\"name\":\"In\u00edcio\",\"item\":\"https:\/\/projetoambiental.com.br\/\"},{\"@type\":\"ListItem\",\"position\":2,\"name\":\"Pol\u00edtica de Privacidade\"}]},{\"@type\":\"WebSite\",\"@id\":\"https:\/\/projetoambiental.com.br\/#website\",\"url\":\"https:\/\/projetoambiental.com.br\/\",\"name\":\"Projeto Ambiental\",\"description\":\"Solu\u00e7\u00f5es Sustent\u00e1veis para Empresas\",\"publisher\":{\"@id\":\"https:\/\/projetoambiental.com.br\/#organization\"},\"potentialAction\":[{\"@type\":\"SearchAction\",\"target\":{\"@type\":\"EntryPoint\",\"urlTemplate\":\"https:\/\/projetoambiental.com.br\/?s={search_term_string}\"},\"query-input\":{\"@type\":\"PropertyValueSpecification\",\"valueRequired\":true,\"valueName\":\"search_term_string\"}}],\"inLanguage\":\"en-US\"},{\"@type\":\"Organization\",\"@id\":\"https:\/\/projetoambiental.com.br\/#organization\",\"name\":\"Projeto Ambiental\",\"url\":\"https:\/\/projetoambiental.com.br\/\",\"logo\":{\"@type\":\"ImageObject\",\"inLanguage\":\"en-US\",\"@id\":\"https:\/\/projetoambiental.com.br\/#\/schema\/logo\/image\/\",\"url\":\"https:\/\/pambiental.agileprodutora.com.br\/wp-content\/uploads\/2022\/08\/logo-512-192x192-1.png\",\"contentUrl\":\"https:\/\/pambiental.agileprodutora.com.br\/wp-content\/uploads\/2022\/08\/logo-512-192x192-1.png\",\"width\":192,\"height\":192,\"caption\":\"Projeto Ambiental\"},\"image\":{\"@id\":\"https:\/\/projetoambiental.com.br\/#\/schema\/logo\/image\/\"},\"sameAs\":[\"https:\/\/www.facebook.com\/projeto.ambiental\/\",\"https:\/\/www.linkedin.com\/company\/projeto-ambiental\/\",\"https:\/\/www.youtube.com\/channel\/UCQlWXRNBkxo-1NyQMXnugBQ\",\"https:\/\/www.instagram.com\/projeto_ambiental\/\"]}]}<\/script>\n<!-- \/ Yoast SEO plugin. -->","yoast_head_json":{"title":"Pol\u00edtica de Privacidade - Projeto Ambiental","description":"A nossa Pol\u00edtica de Privacidade fornece informa\u00e7\u00f5es sobre como coletamos, usamos e protegemos os seus dados pessoais. Fique tranquilo!","robots":{"index":"index","follow":"follow","max-snippet":"max-snippet:-1","max-image-preview":"max-image-preview:large","max-video-preview":"max-video-preview:-1"},"canonical":"https:\/\/projetoambiental.com.br\/en\/politica-de-privacidade\/","og_locale":"en_US","og_type":"article","og_title":"Pol\u00edtica de Privacidade - Projeto Ambiental","og_description":"A nossa Pol\u00edtica de Privacidade fornece informa\u00e7\u00f5es sobre como coletamos, usamos e protegemos os seus dados pessoais. Fique tranquilo!","og_url":"https:\/\/projetoambiental.com.br\/en\/politica-de-privacidade\/","og_site_name":"Projeto Ambiental","article_publisher":"https:\/\/www.facebook.com\/projeto.ambiental\/","article_modified_time":"2023-03-27T17:32:35+00:00","twitter_card":"summary_large_image","twitter_misc":{"Est. reading time":"3 minutes"},"schema":{"@context":"https:\/\/schema.org","@graph":[{"@type":"WebPage","@id":"https:\/\/projetoambiental.com.br\/politica-de-privacidade\/","url":"https:\/\/projetoambiental.com.br\/politica-de-privacidade\/","name":"Pol\u00edtica de Privacidade - Projeto Ambiental","isPartOf":{"@id":"https:\/\/projetoambiental.com.br\/#website"},"datePublished":"2022-08-08T13:15:29+00:00","dateModified":"2023-03-27T17:32:35+00:00","description":"A nossa Pol\u00edtica de Privacidade fornece informa\u00e7\u00f5es sobre como coletamos, usamos e protegemos os seus dados pessoais. Fique tranquilo!","breadcrumb":{"@id":"https:\/\/projetoambiental.com.br\/politica-de-privacidade\/#breadcrumb"},"inLanguage":"en-US","potentialAction":[{"@type":"ReadAction","target":["https:\/\/projetoambiental.com.br\/politica-de-privacidade\/"]}]},{"@type":"BreadcrumbList","@id":"https:\/\/projetoambiental.com.br\/politica-de-privacidade\/#breadcrumb","itemListElement":[{"@type":"ListItem","position":1,"name":"In\u00edcio","item":"https:\/\/projetoambiental.com.br\/"},{"@type":"ListItem","position":2,"name":"Pol\u00edtica de Privacidade"}]},{"@type":"WebSite","@id":"https:\/\/projetoambiental.com.br\/#website","url":"https:\/\/projetoambiental.com.br\/","name":"Projeto Ambiental","description":"Solu\u00e7\u00f5es Sustent\u00e1veis para Empresas","publisher":{"@id":"https:\/\/projetoambiental.com.br\/#organization"},"potentialAction":[{"@type":"SearchAction","target":{"@type":"EntryPoint","urlTemplate":"https:\/\/projetoambiental.com.br\/?s={search_term_string}"},"query-input":{"@type":"PropertyValueSpecification","valueRequired":true,"valueName":"search_term_string"}}],"inLanguage":"en-US"},{"@type":"Organization","@id":"https:\/\/projetoambiental.com.br\/#organization","name":"Projeto Ambiental","url":"https:\/\/projetoambiental.com.br\/","logo":{"@type":"ImageObject","inLanguage":"en-US","@id":"https:\/\/projetoambiental.com.br\/#\/schema\/logo\/image\/","url":"https:\/\/pambiental.agileprodutora.com.br\/wp-content\/uploads\/2022\/08\/logo-512-192x192-1.png","contentUrl":"https:\/\/pambiental.agileprodutora.com.br\/wp-content\/uploads\/2022\/08\/logo-512-192x192-1.png","width":192,"height":192,"caption":"Projeto Ambiental"},"image":{"@id":"https:\/\/projetoambiental.com.br\/#\/schema\/logo\/image\/"},"sameAs":["https:\/\/www.facebook.com\/projeto.ambiental\/","https:\/\/www.linkedin.com\/company\/projeto-ambiental\/","https:\/\/www.youtube.com\/channel\/UCQlWXRNBkxo-1NyQMXnugBQ","https:\/\/www.instagram.com\/projeto_ambiental\/"]}]}},"_links":{"self":[{"href":"https:\/\/projetoambiental.com.br\/en\/wp-json\/wp\/v2\/pages\/3","targetHints":{"allow":["GET"]}}],"collection":[{"href":"https:\/\/projetoambiental.com.br\/en\/wp-json\/wp\/v2\/pages"}],"about":[{"href":"https:\/\/projetoambiental.com.br\/en\/wp-json\/wp\/v2\/types\/page"}],"author":[{"embeddable":true,"href":"https:\/\/projetoambiental.com.br\/en\/wp-json\/wp\/v2\/users\/5"}],"replies":[{"embeddable":true,"href":"https:\/\/projetoambiental.com.br\/en\/wp-json\/wp\/v2\/comments?post=3"}],"version-history":[{"count":0,"href":"https:\/\/projetoambiental.com.br\/en\/wp-json\/wp\/v2\/pages\/3\/revisions"}],"wp:attachment":[{"href":"https:\/\/projetoambiental.com.br\/en\/wp-json\/wp\/v2\/media?parent=3"}],"curies":[{"name":"wp","href":"https:\/\/api.w.org\/{rel}","templated":true}]}}